{"id":699,"date":"2019-03-08T08:09:32","date_gmt":"2019-03-08T08:09:32","guid":{"rendered":"http:\/\/klimaandmore.de\/?page_id=699"},"modified":"2023-08-27T08:17:26","modified_gmt":"2023-08-27T08:17:26","slug":"ueber-uns-2","status":"publish","type":"page","link":"https:\/\/klimaandmore.de\/?page_id=699","title":{"rendered":"\u00dcber uns"},"content":{"rendered":"\n<p>Von der Ausbildung her sind wir beide Naturwissenschaftler. Susanne ist promovierte und habilitierte Biologin und als wissenschaftliche Mitarbeiterin an der Universit\u00e4t Ulm in Forschung und Lehre t\u00e4tig. Michael ist promovierter Biochemiker und als Universit\u00e4tsprofessor in Ulm t\u00e4tig. Zu unseren aktuellen Forschungsthemen geh\u00f6rt beispielsweise auch die Frage, welche Auswirkungen Pestizide und Herbizide auf aquatische, d.h. im Wasser lebende, Tiere haben.<\/p>\n\n\n\n<p>Als Wissenschaftler sehen wir es als unsere Aufgabe an, auch die \u00d6ffentlichkeit \u00fcber aktuelle Forschungsergebnisse zu informieren. Die Kommunikation von wissenschaftlichen Ergebnissen erscheint uns eine elementare Aufgabe der Wissenschaft zu sein. So haben wir vor einigen Jahren begonnen, uns an entsprechenden Veranstaltungen in Ulm zu beteiligen, beispielsweise \u00fcber die Bedeutung der Stammzellforschung in der Regenerativen Medizin. Zuletzt haben wir die zunehmende Informationsflut \u00fcber den Klimawandel oder die Verschmutzung unserer Umwelt durch Plastikm\u00fcll in den verschiedenen Medien wahrgenommen. Je mehr wir uns mit diesen Themen besch\u00e4ftigten, fielen uns zwei Dinge auf. Erstens: selbst als vermeintlich gut gebildete B\u00fcrger haben wir viele (wissenschaftliche) Hintergrundinformationen zu dieser Thematik schlichtweg nicht gekannt und auch viele Zusammenh\u00e4nge nicht gesehen. Bei der w\u00f6chentlichen Lekt\u00fcre der wichtigsten wissenschaftlichen Fachzeitschriften schaut man dann doch meist nur auf einige wenige Artikel des eigenen Faches. Zweitens: h\u00e4ufig widersprechen sich verschiedene Artikel in der Tagespresse. So haben wir uns als Wissenschaftler auf die Suche nach den wissenschaftlichen Fakten und Hintergr\u00fcnden zu Klima <em>and more<\/em> relevanten Themen begeben und wollen hier dar\u00fcber berichten.&nbsp;<\/p>\n\n\n\n<p>Im Alltag haben wir das Thema Klima- und Umweltschutz lange selbst verdr\u00e4ngt, da aufgrund der beruflichen und famili\u00e4ren T\u00e4tigkeiten die Zeit oder einfach die Kraft gefehlt hat, sich mit diesem Thema auseinanderzusetzen. Oder, weil wir es schlichtweg nicht besser wussten, welche Konsequenzen unser Handeln hat. Wie gro\u00df ist eigentlich unser individueller Beitrag zum Klimawandel, zum Plastikverbrauch, zur Reduktion der Artenvielfalt? Und nat\u00fcrlich haben wir uns auch gefragt, wie wir diesen Beitrag reduzieren k\u00f6nnen, ohne gleich massive Einschr\u00e4nkungen in unserem Lebensstandard zu haben. Letzteres ist nat\u00fcrlich sehr subjektiv und jeder mag Einschr\u00e4nkungen anders bewerten. Inzwischen sind wir uns jedoch sicher, dass jede und jeder von uns einen individuellen Beitrag zum Erhalt unserer Umwelt leisten kann.&nbsp;Unser Blog wird erg\u00e4nzt durch \u00f6ffentliche Vortr\u00e4ge oder Aktivit\u00e4ten an z.B. Schulen oder auf Festen. Michael ist auch&nbsp;<a href=\"https:\/\/www.climateinteractive.org\/tools\/en-roads\/climate-ambassadors\/\">zertifizierter Klimabotschafter<\/a>&nbsp;f\u00fcr Climate Interactive und f\u00fchrt Klimasimulationen mit dem Programm <a href=\"https:\/\/en-roads.climateinteractive.org\/scenario.html?v=2.7.35\">En-Roads<\/a> durch. <\/p>\n\n\n\n<p>Auch engagieren wir uns in der <a href=\"https:\/\/www.blaustein.de\/de\/stadt-portrait\/nachhaltigkeit\/impulsgruppe\/\">Impulsgruppe f\u00fcr Nachhaltigkeit der Stadt Blaustein<\/a> und beim <a href=\"https:\/\/www.unw-ulm.de\">Ulmer Initiativkreis nachhaltige Wirtschaftsentwicklung<\/a>. Michael ist dar\u00fcber hinaus Mitglied in den Klimaschutzbeir\u00e4ten der St\u00e4dte Ulm und Neu-Ulm. Als Privatpersonen sind wir auch Unterst\u00fctzer der <a href=\"https:\/\/allianz-entwicklung-klima.de\">Stiftung Allianz f\u00fcr Entwicklung und Klima.<\/a><\/p>\n\n\n\n<p>Was wollen wir nun mit diesem Blog und den Vortr\u00e4gen erreichen?&nbsp;<\/p>\n\n\n\n<p>Einerseits wollen wir die Informationen, die wir selbst recherchiert haben, anderen m\u00f6glichst verst\u00e4ndlich zur Verf\u00fcgung stellen. Als Wissenschaftler sind wir es gewohnt, unsere Arbeiten nach den Prinzipien der Wissenschaftlichkeit auszurichten. Dazu geh\u00f6rt immer ein solides Recherchieren der Fakten und die Angabe der Quellen. So wollen wir es auch hier halten, damit sich jede\/r Interessierter bei Bedarf die Quellen im Detail studieren kann. In den Blogbeitr\u00e4gen integriert finden sich von uns (hoffentlich) verst\u00e4ndlich formulierte Zusammenfassungen mit einfachen Illustrationen zu relevanten Themen. Im Blog erscheinen kontinuierlich Einzelbeitr\u00e4ge zu Gebieten, die uns zum jeweiligen Zeitpunkt wichtig erscheinen.\u00a0<\/p>\n\n\n\n<p>Andererseits wollen wir berichten, mit welchen Ver\u00e4nderungen wir selbst etwas f\u00fcr unsere eigene Klima- und Umweltbilanz erreicht haben, privat aber auch in unserem Berufsalltag an der Universit\u00e4t.&nbsp; Diese Berichte sehen wir als Anregungen f\u00fcr die Leser unseres Blogs. Vielleicht mag sich dadurch manch eine\/r animiert sehen, an der einen oder anderen Stelle selbst etwas zu \u00e4ndern \u2013 in seinem Bereich als Individuum oder UnternehmerIn. Tats\u00e4chlich haben wir bereits auch in pers\u00f6nlichen Gespr\u00e4chen mit Freunden und Bekannten sehr positive Erfahrungen gemacht. Nach so manchem Gespr\u00e4ch haben wir das Feedback erhalten, dass jemand in Zukunft vermehrt auf die Einwegplastikflasche verzichtet, Flugreisen effizienter plant, reduziert und kompensiert oder sich Gruppen f\u00fcr Nachhaltigkeit angeschlossen hat. Dies hat uns darin best\u00e4tigt, unseren eingeschlagenen Weg weiter zu beschreiten.&nbsp;<\/p>\n\n\n\n<p>Eines erscheint an dieser Stelle jedoch wichtig: manche Vorschl\u00e4ge helfen dabei, Geld zu sparen. Andere Ver\u00e4nderungen kosten am Ende des Tages dann doch etwas Geld und nicht jeder kann sich alle unsere Tipps leisten. Umgekehrt gilt aber: wer mehr verdient, kann auch mehr f\u00fcr den Klima- und Umweltschutz beitragen.&nbsp;<\/p>\n\n\n\n<p>In diesem Sinne w\u00fcnschen wir viel Spa\u00df bei der hoffentlich regelm\u00e4\u00dfigen Lekt\u00fcre unseres Blogs. Wir f\u00fcr unseren Teil w\u00fcrden uns sehr freuen, wenn wir manche\/n Leser\/in bei ihrem\/seinem Beitrag f\u00fcr einen besseren Klima- und Umweltschutz unterst\u00fctzen k\u00f6nnen.<\/p>\n\n\n\n<p>Blaustein, den 13. Februar 2023<\/p>\n\n\n\n<p>Prof. Dr. Susanne K\u00fchl und Prof. Dr. Michael K\u00fchl<\/p>\n\n\n\n<p><br><\/p>\n\n\n\n<figure class=\"wp-block-image\"><img decoding=\"async\" loading=\"lazy\" width=\"1024\" height=\"486\" src=\"https:\/\/klimaandmore.de\/wp-content\/uploads\/2019\/04\/Susi_rund-2-1024x486.png\" alt=\"\" class=\"wp-image-1215\" srcset=\"https:\/\/klimaandmore.de\/wp-content\/uploads\/2019\/04\/Susi_rund-2-1024x486.png 1024w, https:\/\/klimaandmore.de\/wp-content\/uploads\/2019\/04\/Susi_rund-2-300x142.png 300w, https:\/\/klimaandmore.de\/wp-content\/uploads\/2019\/04\/Susi_rund-2-768x364.png 768w, https:\/\/klimaandmore.de\/wp-content\/uploads\/2019\/04\/Susi_rund-2.png 1809w\" sizes=\"(max-width: 767px) 89vw, (max-width: 1000px) 54vw, (max-width: 1071px) 543px, 580px\" \/><\/figure>\n","protected":false},"excerpt":{"rendered":"<p>Von der Ausbildung her sind wir beide Naturwissenschaftler. Susanne ist promovierte und habilitierte Biologin und als wissenschaftliche Mitarbeiterin an der Universit\u00e4t Ulm in Forschung und Lehre t\u00e4tig. Michael ist promovierter Biochemiker und als Universit\u00e4tsprofessor in Ulm t\u00e4tig. Zu unseren aktuellen Forschungsthemen geh\u00f6rt beispielsweise auch die Frage, welche Auswirkungen Pestizide und Herbizide auf aquatische, d.h. im &hellip; <\/p>\n<p class=\"link-more\"><a href=\"https:\/\/klimaandmore.de\/?page_id=699\" class=\"more-link\"><span class=\"screen-reader-text\">\u201e\u00dcber uns\u201c<\/span> weiterlesen<\/a><\/p>\n","protected":false},"author":5,"featured_media":0,"parent":0,"menu_order":0,"comment_status":"closed","ping_status":"closed","template":"","meta":{"spay_email":""},"jetpack_sharing_enabled":true,"jetpack_shortlink":"https:\/\/wp.me\/PaMwRu-bh","_links":{"self":[{"href":"https:\/\/klimaandmore.de\/index.php?rest_route=\/wp\/v2\/pages\/699"}],"collection":[{"href":"https:\/\/klimaandmore.de\/index.php?rest_route=\/wp\/v2\/pages"}],"about":[{"href":"https:\/\/klimaandmore.de\/index.php?rest_route=\/wp\/v2\/types\/page"}],"author":[{"embeddable":true,"href":"https:\/\/klimaandmore.de\/index.php?rest_route=\/wp\/v2\/users\/5"}],"replies":[{"embeddable":true,"href":"https:\/\/klimaandmore.de\/index.php?rest_route=%2Fwp%2Fv2%2Fcomments&post=699"}],"version-history":[{"count":26,"href":"https:\/\/klimaandmore.de\/index.php?rest_route=\/wp\/v2\/pages\/699\/revisions"}],"predecessor-version":[{"id":4596,"href":"https:\/\/klimaandmore.de\/index.php?rest_route=\/wp\/v2\/pages\/699\/revisions\/4596"}],"wp:attachment":[{"href":"https:\/\/klimaandmore.de\/index.php?rest_route=%2Fwp%2Fv2%2Fmedia&parent=699"}],"curies":[{"name":"wp","href":"https:\/\/api.w.org\/{rel}","templated":true}]}}